{"id":9189,"date":"2024-11-13T17:10:51","date_gmt":"2024-11-13T16:10:51","guid":{"rendered":"https:\/\/www.franchise.biz\/?page_id=9189"},"modified":"2026-01-26T15:55:16","modified_gmt":"2026-01-26T14:55:16","slug":"teamprofil-isabel-azevedo","status":"publish","type":"page","link":"https:\/\/www.franchise.biz\/de\/ueber\/teamprofil-isabel-azevedo\/","title":{"rendered":"Teamprofil Isabel Azevedo"},"content":{"rendered":"<div class=\"wpb-content-wrapper\"><p>[vc_row full_width=&#8220;stretch_row_content&#8220; css=&#8220;.vc_custom_1632839068794{margin-top: 0px !important;margin-right: 0px !important;margin-bottom: 0px !important;margin-left: 0px !important;padding-top: 60px !important;padding-right: 0px !important;padding-bottom: 60px !important;padding-left: 0px !important;}&#8220;][vc_column css=&#8220;.vc_custom_1632838782299{margin: 0px !important;padding: 0px !important;}&#8220;][vc_row_inner][vc_column_inner]<style type=\"text\/css\" data-type=\"the7_shortcodes-inline-css\">#default-btn-ee5de26d210427a2f2900b937283ed83.ico-right-side > i {\n  margin-right: 0px;\n  margin-left: 8px;\n}\n#default-btn-ee5de26d210427a2f2900b937283ed83 > i {\n  margin-right: 8px;\n}\n<\/style><a href=\"https:\/\/www.franchise.biz\/franchise-opportunities\/\" class=\"default-btn-shortcode dt-btn dt-btn-s link-hover-off franchise-opportunities openfranchise btn-inline-right \" id=\"default-btn-ee5de26d210427a2f2900b937283ed83\"><span>Franchise-Partner werden<\/span><\/a>[\/vc_column_inner][\/vc_row_inner][\/vc_column][\/vc_row][vc_row type=&#8220;vc_default&#8220; margin_top=&#8220;0&#8243; css=&#8220;.vc_custom_1632839594334{margin-top: -350px !important;margin-bottom: 80px !important;padding-top: 80px !important;}&#8220;][vc_column width=&#8220;5\/12&#8243; css=&#8220;.vc_custom_1481816184469{padding-bottom: 40px !important;}&#8220; offset=&#8220;vc_col-lg-4 vc_col-md-4&#8243;][vc_single_image image=&#8220;10752&#8243; img_size=&#8220;300&#215;300&#8243; alignment=&#8220;center&#8220; style=&#8220;vc_box_circle&#8220; css=&#8220;.vc_custom_1769439287534{padding-bottom: 30px !important;}&#8220; image_hovers=&#8220;false&#8220; lazy_loading=&#8220;true&#8220;][\/vc_column][vc_column width=&#8220;7\/12&#8243; offset=&#8220;vc_col-lg-8 vc_col-md-8&#8243; css=&#8220;.vc_custom_1632839580334{padding-right: 40px !important;}&#8220;]<div id=\"ultimate-heading-116369f3151e89ed6\" class=\"uvc-heading ult-adjust-bottom-margin ultimate-heading-116369f3151e89ed6 uvc-631 color-title accent-subtitle-color accent-border-color\" data-hspacer=\"no_spacer\"  data-halign=\"left\" style=\"text-align:left\"><div class=\"uvc-heading-spacer no_spacer\" style=\"top\"><\/div><div class=\"uvc-main-heading ult-responsive\"  data-ultimate-target='.uvc-heading.ultimate-heading-116369f3151e89ed6 h2'  data-responsive-json-new='{\"font-size\":\"desktop:30px;\",\"line-height\":\"desktop:44px;\"}' ><h2 style=\"font-weight:bold;color:#e54326;margin-bottom:5px;\">Isabel Azevedo<\/h2><\/div><div class=\"uvc-sub-heading ult-responsive\"  data-ultimate-target='.uvc-heading.ultimate-heading-116369f3151e89ed6 .uvc-sub-heading '  data-responsive-json-new='{\"font-size\":\"desktop:20px;\",\"line-height\":\"desktop:32px;\"}'  style=\"font-weight:normal;color:#757575;margin-bottom:25px;\">Standort: Porto (PT)<\/p>\n<hr \/>\n<h5><strong><span style=\"color: #757575;\">SPRACHE : PORTUGIESISCH | FRANZ\u00d6SISCH | ENGLISCH | SPANISCH<\/span><\/strong><\/h5>\n<p><\/div><\/div>[vc_column_text css=&#8220;.vc_custom_1731514076155{padding-bottom: 50px !important;}&#8220;]Isabel ist eine Einzelhandelsexpertin mit Schwerpunkt auf Gesch\u00e4ftsentwicklung im iberischen (Portugal und Spanien) Franchise-Markt.<\/p>\n<p>Mit einem Abschluss in Wirtschaftswissenschaften von der Universit\u00e4t Minho und einem Diplom in International Business von der Rotterdam Business School begann sie ihre Karriere im Herzen eines f\u00fchrenden KMU in der Haushaltsger\u00e4teindustrie nahe Porto, dem Ort, an dem sie aufgewachsen ist.<\/p>\n<p>In ihrer 15-j\u00e4hrigen Laufbahn im Einzelhandel, von denen sie 12 Jahre international t\u00e4tig war, hatte Isabel verschiedene F\u00fchrungspositionen inne und arbeitete in drei verschiedenen L\u00e4ndern f\u00fcr angesehene globale Marken.<\/p>\n<p>Ihre berufliche Laufbahn im Franchising begann Isabel 2013 in der International Franchise-Abteilung von Kiabi, wo sie f\u00fcr den gesamten operativen Austausch der Kiabi-Franchise-Filialen in Portugal verantwortlich war. Mit gro\u00dfen Erfolgen bei der Ergebnisentwicklung und dem Aufbau von vertrauensvollen Partnerschaften spielte Isabel eine entscheidende Rolle bei der Er\u00f6ffnung der Kiabi-Portugal-Zentrale im Jahr 2016 \u2013 ein Projekt, das sie von Lissabon aus leitete.<\/p>\n<p>Seit 2020 ist Isabel Mitglied des Vorstands als Kiabi-Direktorin f\u00fcr internationale Partnerschaftsprojekte. In dieser Funktion leitet sie die Strategie zur Entwicklung von Partnerschaften in mehreren L\u00e4ndern, in denen die Kiabi-Gruppe vertreten ist, und verantwortet einen umfassenden 3-Jahres-Plan \u00fcber 230 Millionen Euro \/ 5 L\u00e4nder \/ 61 neue Partnerfilialen.[\/vc_column_text]<div id=\"ultimate-heading-326669f3151e89f3a\" class=\"uvc-heading ult-adjust-bottom-margin ultimate-heading-326669f3151e89f3a uvc-4193 color-title accent-border-color\" data-hspacer=\"no_spacer\"  data-halign=\"left\" style=\"text-align:left\"><div class=\"uvc-heading-spacer no_spacer\" style=\"top\"><\/div><div class=\"uvc-main-heading ult-responsive\"  data-ultimate-target='.uvc-heading.ultimate-heading-326669f3151e89f3a p'  data-responsive-json-new='{\"font-size\":\"desktop:22px;\",\"line-height\":\"desktop:32px;\"}' ><p style=\"font-weight:bold;margin-bottom:20px;\">Kontakt<\/p><\/div><\/div>[vc_row_inner][vc_column_inner width=&#8220;1\/2&#8243;][vc_column_text css=&#8220;&#8220;]<\/p>\n<p style=\"text-align: left;\"><strong><span class=\"color-title\">E-mail<\/span><\/strong><br \/>\n<a href=\"mailto:contact@franchise.biz\">contact@franchise.biz<\/a><\/p>\n<p>[\/vc_column_text][\/vc_column_inner][vc_column_inner width=&#8220;1\/2&#8243;]<div class=\"  uavc-icons \">\n<a class=\"aio-tooltip 69f3151e8a0ab\" href=\"https:\/\/www.linkedin.com\/in\/maria-isabel-azevedo\/\" target=\"_blank\" rel=\"noopener\"  data-toggle=\"tooltip\" data-placement=\"\" title=\"\"><div class=\"aio-icon advanced \" data-animation=\"\" data-animation-delay=\"03\" style=\"color:#ffffff;background:#e54326;border-style:solid;border-color:;border-width:0px;width:36px;height:36px;line-height:36px;border-radius:500px;font-size:16px;margin-right:5px;\">\n\t<i class=\"icomoon-free-social-contact-16x16-linkedin2\"><\/i>\n<\/div><\/a><\/div>[\/vc_column_inner][\/vc_row_inner][\/vc_column][\/vc_row]<\/p>\n<\/div>","protected":false},"excerpt":{"rendered":"<p>[vc_row full_width=&#8220;stretch_row_content&#8220; css=&#8220;.vc_custom_1632839068794{margin-top: 0px !important;margin-right: 0px !important;margin-bottom: 0px !important;margin-left: 0px !important;padding-top: 60px !important;padding-right: 0px !important;padding-bottom: 60px !important;padding-left: 0px !important;}&#8220;][vc_column css=&#8220;.vc_custom_1632838782299{margin: 0px !important;padding: 0px !important;}&#8220;][vc_row_inner][vc_column_inner][\/vc_column_inner][\/vc_row_inner][\/vc_column][\/vc_row][vc_row type=&#8220;vc_default&#8220; margin_top=&#8220;0&#8243; css=&#8220;.vc_custom_1632839594334{margin-top: -350px !important;margin-bottom: 80px !important;padding-top: 80px !important;}&#8220;][vc_column width=&#8220;5\/12&#8243; css=&#8220;.vc_custom_1481816184469{padding-bottom: 40px !important;}&#8220; offset=&#8220;vc_col-lg-4 vc_col-md-4&#8243;][vc_single_image image=&#8220;10752&#8243; img_size=&#8220;300&#215;300&#8243; alignment=&#8220;center&#8220; style=&#8220;vc_box_circle&#8220; css=&#8220;.vc_custom_1769439287534{padding-bottom: 30px !important;}&#8220; image_hovers=&#8220;false&#8220; lazy_loading=&#8220;true&#8220;][\/vc_column][vc_column width=&#8220;7\/12&#8243; offset=&#8220;vc_col-lg-8 vc_col-md-8&#8243; css=&#8220;.vc_custom_1632839580334{padding-right: 40px !important;}&#8220;][vc_column_text css=&#8220;.vc_custom_1731514076155{padding-bottom:&hellip;<\/p>\n","protected":false},"author":2,"featured_media":10752,"parent":6311,"menu_order":10,"comment_status":"closed","ping_status":"closed","template":"","meta":{"inline_featured_image":false,"footnotes":""},"class_list":["post-9189","page","type-page","status-publish","has-post-thumbnail","hentry","description-off"],"yoast_head":"<!-- This site is optimized with the Yoast SEO plugin v25.5 - https:\/\/yoast.com\/wordpress\/plugins\/seo\/ -->\n<title>FranchiseBiz Team | Isabel Azevedo<\/title>\n<meta name=\"description\" content=\"Isabel ist Expertin im Einzelhandel mit Fokus auf Gesch\u00e4ftsentwicklung im iberischen (Portugal &amp; Spanien) Franchise-Markt. Sie hat einen Abschluss in Wirtschaftswissenschaften von der Universit\u00e4t Minho und ein Diplom in International Business von der Rotterdam Business School\u2026\" \/>\n<meta name=\"robots\" content=\"index, follow, max-snippet:-1, max-image-preview:large, max-video-preview:-1\" \/>\n<link rel=\"canonical\" href=\"https:\/\/www.franchise.biz\/de\/ueber\/teamprofil-isabel-azevedo\/\" \/>\n<meta property=\"og:locale\" content=\"de_DE\" \/>\n<meta property=\"og:type\" content=\"article\" \/>\n<meta property=\"og:title\" content=\"FranchiseBiz Team | Isabel Azevedo\" \/>\n<meta property=\"og:description\" content=\"Isabel ist Expertin im Einzelhandel mit Fokus auf Gesch\u00e4ftsentwicklung im iberischen (Portugal &amp; Spanien) Franchise-Markt. Sie hat einen Abschluss in Wirtschaftswissenschaften von der Universit\u00e4t Minho und ein Diplom in International Business von der Rotterdam Business School\u2026\" \/>\n<meta property=\"og:url\" content=\"https:\/\/www.franchise.biz\/de\/ueber\/teamprofil-isabel-azevedo\/\" \/>\n<meta property=\"og:site_name\" content=\"FranchiseBiz\" \/>\n<meta property=\"article:modified_time\" content=\"2026-01-26T14:55:16+00:00\" \/>\n<meta property=\"og:image\" content=\"https:\/\/www.franchise.biz\/wp-content\/uploads\/2024\/01\/1683199264194.jpg\" \/>\n\t<meta property=\"og:image:width\" content=\"800\" \/>\n\t<meta property=\"og:image:height\" content=\"800\" \/>\n\t<meta property=\"og:image:type\" content=\"image\/jpeg\" \/>\n<meta name=\"twitter:card\" content=\"summary_large_image\" \/>\n<meta name=\"twitter:title\" content=\"FranchiseBiz Team | Isabel Azevedo\" \/>\n<meta name=\"twitter:description\" content=\"Isabel ist Expertin im Einzelhandel mit Fokus auf Gesch\u00e4ftsentwicklung im iberischen (Portugal &amp; Spanien) Franchise-Markt. Sie hat einen Abschluss in Wirtschaftswissenschaften von der Universit\u00e4t Minho und ein Diplom in International Business von der Rotterdam Business School\u2026\" \/>\n<meta name=\"twitter:image\" content=\"https:\/\/www.franchise.biz\/wp-content\/uploads\/2024\/01\/1683199264194.jpg\" \/>\n<meta name=\"twitter:site\" content=\"@FBizOfficial\" \/>\n<meta name=\"twitter:label1\" content=\"Gesch\u00e4tzte Lesezeit\" \/>\n\t<meta name=\"twitter:data1\" content=\"3\u00a0Minuten\" \/>\n<script type=\"application\/ld+json\" class=\"yoast-schema-graph\">{\"@context\":\"https:\/\/schema.org\",\"@graph\":[{\"@type\":\"WebPage\",\"@id\":\"https:\/\/www.franchise.biz\/de\/ueber\/teamprofil-isabel-azevedo\/\",\"url\":\"https:\/\/www.franchise.biz\/de\/ueber\/teamprofil-isabel-azevedo\/\",\"name\":\"FranchiseBiz Team | Isabel Azevedo\",\"isPartOf\":{\"@id\":\"https:\/\/www.franchise.biz\/de\/#website\"},\"primaryImageOfPage\":{\"@id\":\"https:\/\/www.franchise.biz\/de\/ueber\/teamprofil-isabel-azevedo\/#primaryimage\"},\"image\":{\"@id\":\"https:\/\/www.franchise.biz\/de\/ueber\/teamprofil-isabel-azevedo\/#primaryimage\"},\"thumbnailUrl\":\"https:\/\/www.franchise.biz\/wp-content\/uploads\/2026\/01\/ISAZ.jpg\",\"datePublished\":\"2024-11-13T16:10:51+00:00\",\"dateModified\":\"2026-01-26T14:55:16+00:00\",\"description\":\"Isabel ist Expertin im Einzelhandel mit Fokus auf Gesch\u00e4ftsentwicklung im iberischen (Portugal & Spanien) Franchise-Markt. Sie hat einen Abschluss in Wirtschaftswissenschaften von der Universit\u00e4t Minho und ein Diplom in International Business von der Rotterdam Business School\u2026\",\"breadcrumb\":{\"@id\":\"https:\/\/www.franchise.biz\/de\/ueber\/teamprofil-isabel-azevedo\/#breadcrumb\"},\"inLanguage\":\"de\",\"potentialAction\":[{\"@type\":\"ReadAction\",\"target\":[\"https:\/\/www.franchise.biz\/de\/ueber\/teamprofil-isabel-azevedo\/\"]}]},{\"@type\":\"ImageObject\",\"inLanguage\":\"de\",\"@id\":\"https:\/\/www.franchise.biz\/de\/ueber\/teamprofil-isabel-azevedo\/#primaryimage\",\"url\":\"https:\/\/www.franchise.biz\/wp-content\/uploads\/2026\/01\/ISAZ.jpg\",\"contentUrl\":\"https:\/\/www.franchise.biz\/wp-content\/uploads\/2026\/01\/ISAZ.jpg\",\"width\":800,\"height\":800,\"caption\":\"Isabel Azevedo\"},{\"@type\":\"BreadcrumbList\",\"@id\":\"https:\/\/www.franchise.biz\/de\/ueber\/teamprofil-isabel-azevedo\/#breadcrumb\",\"itemListElement\":[{\"@type\":\"ListItem\",\"position\":1,\"name\":\"Accueil\",\"item\":\"https:\/\/www.franchise.biz\/de\/\"},{\"@type\":\"ListItem\",\"position\":2,\"name\":\"\u00dcber\",\"item\":\"https:\/\/www.franchise.biz\/de\/ueber\/\"},{\"@type\":\"ListItem\",\"position\":3,\"name\":\"Teamprofil Isabel Azevedo\"}]},{\"@type\":\"WebSite\",\"@id\":\"https:\/\/www.franchise.biz\/de\/#website\",\"url\":\"https:\/\/www.franchise.biz\/de\/\",\"name\":\"FranchiseBiz\",\"description\":\"Empowering Franchise Growth Globally\",\"publisher\":{\"@id\":\"https:\/\/www.franchise.biz\/de\/#organization\"},\"potentialAction\":[{\"@type\":\"SearchAction\",\"target\":{\"@type\":\"EntryPoint\",\"urlTemplate\":\"https:\/\/www.franchise.biz\/de\/?s={search_term_string}\"},\"query-input\":{\"@type\":\"PropertyValueSpecification\",\"valueRequired\":true,\"valueName\":\"search_term_string\"}}],\"inLanguage\":\"de\"},{\"@type\":\"Organization\",\"@id\":\"https:\/\/www.franchise.biz\/de\/#organization\",\"name\":\"FranchiseBiz\",\"url\":\"https:\/\/www.franchise.biz\/de\/\",\"logo\":{\"@type\":\"ImageObject\",\"inLanguage\":\"de\",\"@id\":\"https:\/\/www.franchise.biz\/de\/#\/schema\/logo\/image\/\",\"url\":\"https:\/\/www.franchise.biz\/wp-content\/uploads\/2021\/05\/logo.png\",\"contentUrl\":\"https:\/\/www.franchise.biz\/wp-content\/uploads\/2021\/05\/logo.png\",\"width\":1000,\"height\":1000,\"caption\":\"FranchiseBiz\"},\"image\":{\"@id\":\"https:\/\/www.franchise.biz\/de\/#\/schema\/logo\/image\/\"},\"sameAs\":[\"https:\/\/x.com\/FBizOfficial\",\"https:\/\/www.linkedin.com\/company\/franchisebiz\/\"]}]}<\/script>\n<!-- \/ Yoast SEO plugin. -->","yoast_head_json":{"title":"FranchiseBiz Team | Isabel Azevedo","description":"Isabel ist Expertin im Einzelhandel mit Fokus auf Gesch\u00e4ftsentwicklung im iberischen (Portugal & Spanien) Franchise-Markt. Sie hat einen Abschluss in Wirtschaftswissenschaften von der Universit\u00e4t Minho und ein Diplom in International Business von der Rotterdam Business School\u2026","robots":{"index":"index","follow":"follow","max-snippet":"max-snippet:-1","max-image-preview":"max-image-preview:large","max-video-preview":"max-video-preview:-1"},"canonical":"https:\/\/www.franchise.biz\/de\/ueber\/teamprofil-isabel-azevedo\/","og_locale":"de_DE","og_type":"article","og_title":"FranchiseBiz Team | Isabel Azevedo","og_description":"Isabel ist Expertin im Einzelhandel mit Fokus auf Gesch\u00e4ftsentwicklung im iberischen (Portugal & Spanien) Franchise-Markt. Sie hat einen Abschluss in Wirtschaftswissenschaften von der Universit\u00e4t Minho und ein Diplom in International Business von der Rotterdam Business School\u2026","og_url":"https:\/\/www.franchise.biz\/de\/ueber\/teamprofil-isabel-azevedo\/","og_site_name":"FranchiseBiz","article_modified_time":"2026-01-26T14:55:16+00:00","og_image":[{"width":800,"height":800,"url":"https:\/\/www.franchise.biz\/wp-content\/uploads\/2024\/01\/1683199264194.jpg","type":"image\/jpeg"}],"twitter_card":"summary_large_image","twitter_title":"FranchiseBiz Team | Isabel Azevedo","twitter_description":"Isabel ist Expertin im Einzelhandel mit Fokus auf Gesch\u00e4ftsentwicklung im iberischen (Portugal & Spanien) Franchise-Markt. Sie hat einen Abschluss in Wirtschaftswissenschaften von der Universit\u00e4t Minho und ein Diplom in International Business von der Rotterdam Business School\u2026","twitter_image":"https:\/\/www.franchise.biz\/wp-content\/uploads\/2024\/01\/1683199264194.jpg","twitter_site":"@FBizOfficial","twitter_misc":{"Gesch\u00e4tzte Lesezeit":"3\u00a0Minuten"},"schema":{"@context":"https:\/\/schema.org","@graph":[{"@type":"WebPage","@id":"https:\/\/www.franchise.biz\/de\/ueber\/teamprofil-isabel-azevedo\/","url":"https:\/\/www.franchise.biz\/de\/ueber\/teamprofil-isabel-azevedo\/","name":"FranchiseBiz Team | Isabel Azevedo","isPartOf":{"@id":"https:\/\/www.franchise.biz\/de\/#website"},"primaryImageOfPage":{"@id":"https:\/\/www.franchise.biz\/de\/ueber\/teamprofil-isabel-azevedo\/#primaryimage"},"image":{"@id":"https:\/\/www.franchise.biz\/de\/ueber\/teamprofil-isabel-azevedo\/#primaryimage"},"thumbnailUrl":"https:\/\/www.franchise.biz\/wp-content\/uploads\/2026\/01\/ISAZ.jpg","datePublished":"2024-11-13T16:10:51+00:00","dateModified":"2026-01-26T14:55:16+00:00","description":"Isabel ist Expertin im Einzelhandel mit Fokus auf Gesch\u00e4ftsentwicklung im iberischen (Portugal & Spanien) Franchise-Markt. Sie hat einen Abschluss in Wirtschaftswissenschaften von der Universit\u00e4t Minho und ein Diplom in International Business von der Rotterdam Business School\u2026","breadcrumb":{"@id":"https:\/\/www.franchise.biz\/de\/ueber\/teamprofil-isabel-azevedo\/#breadcrumb"},"inLanguage":"de","potentialAction":[{"@type":"ReadAction","target":["https:\/\/www.franchise.biz\/de\/ueber\/teamprofil-isabel-azevedo\/"]}]},{"@type":"ImageObject","inLanguage":"de","@id":"https:\/\/www.franchise.biz\/de\/ueber\/teamprofil-isabel-azevedo\/#primaryimage","url":"https:\/\/www.franchise.biz\/wp-content\/uploads\/2026\/01\/ISAZ.jpg","contentUrl":"https:\/\/www.franchise.biz\/wp-content\/uploads\/2026\/01\/ISAZ.jpg","width":800,"height":800,"caption":"Isabel Azevedo"},{"@type":"BreadcrumbList","@id":"https:\/\/www.franchise.biz\/de\/ueber\/teamprofil-isabel-azevedo\/#breadcrumb","itemListElement":[{"@type":"ListItem","position":1,"name":"Accueil","item":"https:\/\/www.franchise.biz\/de\/"},{"@type":"ListItem","position":2,"name":"\u00dcber","item":"https:\/\/www.franchise.biz\/de\/ueber\/"},{"@type":"ListItem","position":3,"name":"Teamprofil Isabel Azevedo"}]},{"@type":"WebSite","@id":"https:\/\/www.franchise.biz\/de\/#website","url":"https:\/\/www.franchise.biz\/de\/","name":"FranchiseBiz","description":"Empowering Franchise Growth Globally","publisher":{"@id":"https:\/\/www.franchise.biz\/de\/#organization"},"potentialAction":[{"@type":"SearchAction","target":{"@type":"EntryPoint","urlTemplate":"https:\/\/www.franchise.biz\/de\/?s={search_term_string}"},"query-input":{"@type":"PropertyValueSpecification","valueRequired":true,"valueName":"search_term_string"}}],"inLanguage":"de"},{"@type":"Organization","@id":"https:\/\/www.franchise.biz\/de\/#organization","name":"FranchiseBiz","url":"https:\/\/www.franchise.biz\/de\/","logo":{"@type":"ImageObject","inLanguage":"de","@id":"https:\/\/www.franchise.biz\/de\/#\/schema\/logo\/image\/","url":"https:\/\/www.franchise.biz\/wp-content\/uploads\/2021\/05\/logo.png","contentUrl":"https:\/\/www.franchise.biz\/wp-content\/uploads\/2021\/05\/logo.png","width":1000,"height":1000,"caption":"FranchiseBiz"},"image":{"@id":"https:\/\/www.franchise.biz\/de\/#\/schema\/logo\/image\/"},"sameAs":["https:\/\/x.com\/FBizOfficial","https:\/\/www.linkedin.com\/company\/franchisebiz\/"]}]}},"_links":{"self":[{"href":"https:\/\/www.franchise.biz\/de\/wp-json\/wp\/v2\/pages\/9189"}],"collection":[{"href":"https:\/\/www.franchise.biz\/de\/wp-json\/wp\/v2\/pages"}],"about":[{"href":"https:\/\/www.franchise.biz\/de\/wp-json\/wp\/v2\/types\/page"}],"author":[{"embeddable":true,"href":"https:\/\/www.franchise.biz\/de\/wp-json\/wp\/v2\/users\/2"}],"replies":[{"embeddable":true,"href":"https:\/\/www.franchise.biz\/de\/wp-json\/wp\/v2\/comments?post=9189"}],"version-history":[{"count":6,"href":"https:\/\/www.franchise.biz\/de\/wp-json\/wp\/v2\/pages\/9189\/revisions"}],"predecessor-version":[{"id":10759,"href":"https:\/\/www.franchise.biz\/de\/wp-json\/wp\/v2\/pages\/9189\/revisions\/10759"}],"up":[{"embeddable":true,"href":"https:\/\/www.franchise.biz\/de\/wp-json\/wp\/v2\/pages\/6311"}],"wp:featuredmedia":[{"embeddable":true,"href":"https:\/\/www.franchise.biz\/de\/wp-json\/wp\/v2\/media\/10752"}],"wp:attachment":[{"href":"https:\/\/www.franchise.biz\/de\/wp-json\/wp\/v2\/media?parent=9189"}],"curies":[{"name":"wp","href":"https:\/\/api.w.org\/{rel}","templated":true}]}}