{"id":6844,"date":"2022-11-23T22:36:45","date_gmt":"2022-11-23T21:36:45","guid":{"rendered":"https:\/\/www.franchise.biz\/?page_id=6844"},"modified":"2026-01-26T15:18:17","modified_gmt":"2026-01-26T14:18:17","slug":"aalrik-van-straten","status":"publish","type":"page","link":"https:\/\/www.franchise.biz\/fr\/a-propos\/aalrik-van-straten\/","title":{"rendered":"Team Profile Aalrik van Straten"},"content":{"rendered":"<div class=\"wpb-content-wrapper\"><p>[vc_row full_width=\u00a0\u00bbstretch_row_content\u00a0\u00bb css=\u00a0\u00bb.vc_custom_1632839068794{margin-top: 0px !important;margin-right: 0px !important;margin-bottom: 0px !important;margin-left: 0px !important;padding-top: 60px !important;padding-right: 0px !important;padding-bottom: 60px !important;padding-left: 0px !important;}\u00a0\u00bb][vc_column css=\u00a0\u00bb.vc_custom_1632838782299{margin: 0px !important;padding: 0px !important;}\u00a0\u00bb][vc_row_inner][vc_column_inner]<style type=\"text\/css\" data-type=\"the7_shortcodes-inline-css\">#default-btn-80f0485e7d3dffe975c4223c4aa29520.ico-right-side > i {\n  margin-right: 0px;\n  margin-left: 8px;\n}\n#default-btn-80f0485e7d3dffe975c4223c4aa29520 > i {\n  margin-right: 8px;\n}\n<\/style><a href=\"https:\/\/www.franchise.biz\/fr\/ouvrir-une-franchise\/\" class=\"default-btn-shortcode dt-btn dt-btn-s link-hover-off franchise-opportunities openfranchise btn-inline-right \" id=\"default-btn-80f0485e7d3dffe975c4223c4aa29520\"><span>Ouvrir une Franchise<\/span><\/a>[\/vc_column_inner][\/vc_row_inner][\/vc_column][\/vc_row][vc_row type=\u00a0\u00bbvc_default\u00a0\u00bb margin_top=\u00a0\u00bb0&Prime; css=\u00a0\u00bb.vc_custom_1632839594334{margin-top: -350px !important;margin-bottom: 80px !important;padding-top: 80px !important;}\u00a0\u00bb][vc_column width=\u00a0\u00bb5\/12&Prime; css=\u00a0\u00bb.vc_custom_1481816184469{padding-bottom: 40px !important;}\u00a0\u00bb offset=\u00a0\u00bbvc_col-lg-4 vc_col-md-4&Prime;][vc_single_image image=\u00a0\u00bb10728&Prime; img_size=\u00a0\u00bb300&#215;300&Prime; alignment=\u00a0\u00bbcenter\u00a0\u00bb style=\u00a0\u00bbvc_box_circle\u00a0\u00bb css=\u00a0\u00bb.vc_custom_1769437091586{padding-bottom: 30px !important;}\u00a0\u00bb image_hovers=\u00a0\u00bbfalse\u00a0\u00bb lazy_loading=\u00a0\u00bbtrue\u00a0\u00bb][\/vc_column][vc_column width=\u00a0\u00bb7\/12&Prime; offset=\u00a0\u00bbvc_col-lg-8 vc_col-md-8&Prime; css=\u00a0\u00bb.vc_custom_1632839580334{padding-right: 40px !important;}\u00a0\u00bb]<div id=\"ultimate-heading-651269f317f88094e\" class=\"uvc-heading ult-adjust-bottom-margin ultimate-heading-651269f317f88094e uvc-8276 color-title accent-subtitle-color accent-border-color\" data-hspacer=\"no_spacer\"  data-halign=\"left\" style=\"text-align:left\"><div class=\"uvc-heading-spacer no_spacer\" style=\"top\"><\/div><div class=\"uvc-main-heading ult-responsive\"  data-ultimate-target='.uvc-heading.ultimate-heading-651269f317f88094e h2'  data-responsive-json-new='{\"font-size\":\"desktop:30px;\",\"line-height\":\"desktop:44px;\"}' ><h2 style=\"font-weight:bold;color:#e54326;margin-bottom:5px;\">Aalrik van Straten<\/h2><\/div><div class=\"uvc-sub-heading ult-responsive\"  data-ultimate-target='.uvc-heading.ultimate-heading-651269f317f88094e .uvc-sub-heading '  data-responsive-json-new='{\"font-size\":\"desktop:20px;\",\"line-height\":\"desktop:32px;\"}'  style=\"font-weight:normal;color:#757575;margin-bottom:25px;\">Localisation : Brescia (Italy)<\/p>\n<hr \/>\n<h5><strong><span style=\"color: #757575;\">LANGUE : ITALIEN | FRAN\u00c7AIS | ANGLAIS | ESPAGNOL<\/span><\/strong><\/h5>\n<p><\/div><\/div>[vc_column_text css=\u00a0\u00bb.vc_custom_1669279109396{padding-bottom: 50px !important;}\u00a0\u00bb]Dipl\u00f4m\u00e9e d\u2019un MBA multilingue, Aalrik est un expert du commerce de d\u00e9tail ax\u00e9 sur le march\u00e9 italien de la franchise. N\u00e9e \u00e0 Paris, \u00e9lev\u00e9e \u00e0 Bruxelles et vivant maintenant pr\u00e8s de Brescia, Aalrik poss\u00e8de une solide exp\u00e9rience internationale.<\/p>\n<p>Aalrik a lanc\u00e9 la c\u00e9l\u00e8bre marque\u00a0<a href=\"https:\/\/www.linkedin.com\/company\/kiabi\/\">KIABI<\/a> en Belgique \u00e0 partir de z\u00e9ro et s\u2019est assis au conseil d\u2019administration en tant que directeur International du retail des centres commerciaux, menant une mission sur la performance &amp; la gestion de 100 magasins dans 16 pays. Il travaille \u00e0 pr\u00e9sent avec <a href=\"https:\/\/www.linkedin.com\/company\/franchisebiz\/\">FranchiseBiz<\/a>\u00a0en dirigeant sa propre agence\u00a0<a href=\"https:\/\/www.linkedin.com\/company\/avs-retail-consulting\/\">AVS Retail Consulting<\/a>\u00a0bas\u00e9e en Italie.[\/vc_column_text]<div id=\"ultimate-heading-475969f317f8809b2\" class=\"uvc-heading ult-adjust-bottom-margin ultimate-heading-475969f317f8809b2 uvc-4295 color-title accent-border-color\" data-hspacer=\"no_spacer\"  data-halign=\"left\" style=\"text-align:left\"><div class=\"uvc-heading-spacer no_spacer\" style=\"top\"><\/div><div class=\"uvc-main-heading ult-responsive\"  data-ultimate-target='.uvc-heading.ultimate-heading-475969f317f8809b2 p'  data-responsive-json-new='{\"font-size\":\"desktop:22px;\",\"line-height\":\"desktop:32px;\"}' ><p style=\"font-weight:bold;margin-bottom:20px;\">Contact<\/p><\/div><\/div>[vc_row_inner][vc_column_inner width=\u00a0\u00bb1\/2&Prime;][vc_column_text css=\u00a0\u00bb\u00a0\u00bb]<\/p>\n<p style=\"text-align: left;\"><strong><span class=\"color-title\">Email<\/span><\/strong><br \/>\n<a href=\"mailto:contact@franchise.biz\">contact@franchise.biz<\/a><\/p>\n<p>[\/vc_column_text][\/vc_column_inner][vc_column_inner width=\u00a0\u00bb1\/2&Prime;]<div class=\"  uavc-icons \">\n<a class=\"aio-tooltip 69f317f880b34\" href=\"https:\/\/www.linkedin.com\/in\/aalrik-van-straten\/\" target=\"_blank\" rel=\"noopener\"  data-toggle=\"tooltip\" data-placement=\"\" title=\"\"><div class=\"aio-icon advanced \" data-animation=\"\" data-animation-delay=\"03\" style=\"color:#ffffff;background:#e54326;border-style:solid;border-color:;border-width:0px;width:36px;height:36px;line-height:36px;border-radius:500px;font-size:16px;margin-right:5px;\">\n\t<i class=\"icomoon-free-social-contact-16x16-linkedin2\"><\/i>\n<\/div><\/a><\/div>[\/vc_column_inner][\/vc_row_inner][\/vc_column][\/vc_row]<\/p>\n<\/div>","protected":false},"excerpt":{"rendered":"<p>[vc_row full_width=\u00a0\u00bbstretch_row_content\u00a0\u00bb css=\u00a0\u00bb.vc_custom_1632839068794{margin-top: 0px !important;margin-right: 0px !important;margin-bottom: 0px !important;margin-left: 0px !important;padding-top: 60px !important;padding-right: 0px !important;padding-bottom: 60px !important;padding-left: 0px !important;}\u00a0\u00bb][vc_column css=\u00a0\u00bb.vc_custom_1632838782299{margin: 0px !important;padding: 0px !important;}\u00a0\u00bb][vc_row_inner][vc_column_inner][\/vc_column_inner][\/vc_row_inner][\/vc_column][\/vc_row][vc_row type=\u00a0\u00bbvc_default\u00a0\u00bb margin_top=\u00a0\u00bb0&Prime; css=\u00a0\u00bb.vc_custom_1632839594334{margin-top: -350px !important;margin-bottom: 80px !important;padding-top: 80px !important;}\u00a0\u00bb][vc_column width=\u00a0\u00bb5\/12&Prime; css=\u00a0\u00bb.vc_custom_1481816184469{padding-bottom: 40px !important;}\u00a0\u00bb offset=\u00a0\u00bbvc_col-lg-4 vc_col-md-4&Prime;][vc_single_image image=\u00a0\u00bb10728&Prime; img_size=\u00a0\u00bb300&#215;300&Prime; alignment=\u00a0\u00bbcenter\u00a0\u00bb style=\u00a0\u00bbvc_box_circle\u00a0\u00bb css=\u00a0\u00bb.vc_custom_1769437091586{padding-bottom: 30px !important;}\u00a0\u00bb image_hovers=\u00a0\u00bbfalse\u00a0\u00bb lazy_loading=\u00a0\u00bbtrue\u00a0\u00bb][\/vc_column][vc_column width=\u00a0\u00bb7\/12&Prime; offset=\u00a0\u00bbvc_col-lg-8 vc_col-md-8&Prime; css=\u00a0\u00bb.vc_custom_1632839580334{padding-right: 40px !important;}\u00a0\u00bb][vc_column_text css=\u00a0\u00bb.vc_custom_1669279109396{padding-bottom:&hellip;<\/p>\n","protected":false},"author":2,"featured_media":10728,"parent":3265,"menu_order":10,"comment_status":"closed","ping_status":"closed","template":"","meta":{"inline_featured_image":false,"footnotes":""},"class_list":["post-6844","page","type-page","status-publish","has-post-thumbnail","hentry","description-off"],"yoast_head":"<!-- This site is optimized with the Yoast SEO plugin v25.5 - https:\/\/yoast.com\/wordpress\/plugins\/seo\/ -->\n<title>FranchiseBiz - Team - Aalrik van Straten<\/title>\n<meta name=\"description\" content=\"Dipl\u00f4m\u00e9e d\u2019un MBA multilingue, Aalrik est une experte du commerce de d\u00e9tail ax\u00e9e sur le march\u00e9 italien de la franchise. N\u00e9e \u00e0 Paris, \u00e9lev\u00e9e \u00e0 Bruxelles et vivant maintenant pr\u00e8s de V\u00e9rone, Aalrik a une solide exp\u00e9rience internationale, ce que nous appr\u00e9cions beaucoup en tant que marque avec une empreinte \ud83c\udf0f mondiale\" \/>\n<meta name=\"robots\" content=\"index, follow, max-snippet:-1, max-image-preview:large, max-video-preview:-1\" \/>\n<link rel=\"canonical\" href=\"https:\/\/www.franchise.biz\/fr\/a-propos\/aalrik-van-straten\/\" \/>\n<meta property=\"og:locale\" content=\"fr_FR\" \/>\n<meta property=\"og:type\" content=\"article\" \/>\n<meta property=\"og:title\" content=\"FranchiseBiz - Team - Aalrik van Straten\" \/>\n<meta property=\"og:description\" content=\"Dipl\u00f4m\u00e9e d\u2019un MBA multilingue, Aalrik est une experte du commerce de d\u00e9tail ax\u00e9e sur le march\u00e9 italien de la franchise. N\u00e9e \u00e0 Paris, \u00e9lev\u00e9e \u00e0 Bruxelles et vivant maintenant pr\u00e8s de V\u00e9rone, Aalrik a une solide exp\u00e9rience internationale, ce que nous appr\u00e9cions beaucoup en tant que marque avec une empreinte \ud83c\udf0f mondiale\" \/>\n<meta property=\"og:url\" content=\"https:\/\/www.franchise.biz\/fr\/a-propos\/aalrik-van-straten\/\" \/>\n<meta property=\"og:site_name\" content=\"FranchiseBiz\" \/>\n<meta property=\"article:modified_time\" content=\"2026-01-26T14:18:17+00:00\" \/>\n<meta property=\"og:image\" content=\"https:\/\/www.franchise.biz\/wp-content\/uploads\/2026\/01\/AVS.png\" \/>\n\t<meta property=\"og:image:width\" content=\"800\" \/>\n\t<meta property=\"og:image:height\" content=\"800\" \/>\n\t<meta property=\"og:image:type\" content=\"image\/png\" \/>\n<meta name=\"twitter:card\" content=\"summary_large_image\" \/>\n<meta name=\"twitter:site\" content=\"@FBizOfficial\" \/>\n<meta name=\"twitter:label1\" content=\"Dur\u00e9e de lecture estim\u00e9e\" \/>\n\t<meta name=\"twitter:data1\" content=\"1 minute\" \/>\n<script type=\"application\/ld+json\" class=\"yoast-schema-graph\">{\"@context\":\"https:\/\/schema.org\",\"@graph\":[{\"@type\":\"WebPage\",\"@id\":\"https:\/\/www.franchise.biz\/fr\/a-propos\/aalrik-van-straten\/\",\"url\":\"https:\/\/www.franchise.biz\/fr\/a-propos\/aalrik-van-straten\/\",\"name\":\"FranchiseBiz - Team - Aalrik van Straten\",\"isPartOf\":{\"@id\":\"https:\/\/www.franchise.biz\/fr\/#website\"},\"primaryImageOfPage\":{\"@id\":\"https:\/\/www.franchise.biz\/fr\/a-propos\/aalrik-van-straten\/#primaryimage\"},\"image\":{\"@id\":\"https:\/\/www.franchise.biz\/fr\/a-propos\/aalrik-van-straten\/#primaryimage\"},\"thumbnailUrl\":\"https:\/\/www.franchise.biz\/wp-content\/uploads\/2026\/01\/AVS.png\",\"datePublished\":\"2022-11-23T21:36:45+00:00\",\"dateModified\":\"2026-01-26T14:18:17+00:00\",\"description\":\"Dipl\u00f4m\u00e9e d\u2019un MBA multilingue, Aalrik est une experte du commerce de d\u00e9tail ax\u00e9e sur le march\u00e9 italien de la franchise. N\u00e9e \u00e0 Paris, \u00e9lev\u00e9e \u00e0 Bruxelles et vivant maintenant pr\u00e8s de V\u00e9rone, Aalrik a une solide exp\u00e9rience internationale, ce que nous appr\u00e9cions beaucoup en tant que marque avec une empreinte \ud83c\udf0f mondiale\",\"breadcrumb\":{\"@id\":\"https:\/\/www.franchise.biz\/fr\/a-propos\/aalrik-van-straten\/#breadcrumb\"},\"inLanguage\":\"fr-FR\",\"potentialAction\":[{\"@type\":\"ReadAction\",\"target\":[\"https:\/\/www.franchise.biz\/fr\/a-propos\/aalrik-van-straten\/\"]}]},{\"@type\":\"ImageObject\",\"inLanguage\":\"fr-FR\",\"@id\":\"https:\/\/www.franchise.biz\/fr\/a-propos\/aalrik-van-straten\/#primaryimage\",\"url\":\"https:\/\/www.franchise.biz\/wp-content\/uploads\/2026\/01\/AVS.png\",\"contentUrl\":\"https:\/\/www.franchise.biz\/wp-content\/uploads\/2026\/01\/AVS.png\",\"width\":800,\"height\":800,\"caption\":\"Aalrik van Straten\"},{\"@type\":\"BreadcrumbList\",\"@id\":\"https:\/\/www.franchise.biz\/fr\/a-propos\/aalrik-van-straten\/#breadcrumb\",\"itemListElement\":[{\"@type\":\"ListItem\",\"position\":1,\"name\":\"Accueil\",\"item\":\"https:\/\/www.franchise.biz\/fr\/\"},{\"@type\":\"ListItem\",\"position\":2,\"name\":\"\u00c0 propos\",\"item\":\"https:\/\/www.franchise.biz\/fr\/a-propos\/\"},{\"@type\":\"ListItem\",\"position\":3,\"name\":\"Team Profile Aalrik van Straten\"}]},{\"@type\":\"WebSite\",\"@id\":\"https:\/\/www.franchise.biz\/fr\/#website\",\"url\":\"https:\/\/www.franchise.biz\/fr\/\",\"name\":\"FranchiseBiz\",\"description\":\"Empowering Franchise Growth Globally\",\"publisher\":{\"@id\":\"https:\/\/www.franchise.biz\/fr\/#organization\"},\"potentialAction\":[{\"@type\":\"SearchAction\",\"target\":{\"@type\":\"EntryPoint\",\"urlTemplate\":\"https:\/\/www.franchise.biz\/fr\/?s={search_term_string}\"},\"query-input\":{\"@type\":\"PropertyValueSpecification\",\"valueRequired\":true,\"valueName\":\"search_term_string\"}}],\"inLanguage\":\"fr-FR\"},{\"@type\":\"Organization\",\"@id\":\"https:\/\/www.franchise.biz\/fr\/#organization\",\"name\":\"FranchiseBiz\",\"url\":\"https:\/\/www.franchise.biz\/fr\/\",\"logo\":{\"@type\":\"ImageObject\",\"inLanguage\":\"fr-FR\",\"@id\":\"https:\/\/www.franchise.biz\/fr\/#\/schema\/logo\/image\/\",\"url\":\"https:\/\/www.franchise.biz\/wp-content\/uploads\/2021\/05\/logo.png\",\"contentUrl\":\"https:\/\/www.franchise.biz\/wp-content\/uploads\/2021\/05\/logo.png\",\"width\":1000,\"height\":1000,\"caption\":\"FranchiseBiz\"},\"image\":{\"@id\":\"https:\/\/www.franchise.biz\/fr\/#\/schema\/logo\/image\/\"},\"sameAs\":[\"https:\/\/x.com\/FBizOfficial\",\"https:\/\/www.linkedin.com\/company\/franchisebiz\/\"]}]}<\/script>\n<!-- \/ Yoast SEO plugin. -->","yoast_head_json":{"title":"FranchiseBiz - Team - Aalrik van Straten","description":"Dipl\u00f4m\u00e9e d\u2019un MBA multilingue, Aalrik est une experte du commerce de d\u00e9tail ax\u00e9e sur le march\u00e9 italien de la franchise. N\u00e9e \u00e0 Paris, \u00e9lev\u00e9e \u00e0 Bruxelles et vivant maintenant pr\u00e8s de V\u00e9rone, Aalrik a une solide exp\u00e9rience internationale, ce que nous appr\u00e9cions beaucoup en tant que marque avec une empreinte \ud83c\udf0f mondiale","robots":{"index":"index","follow":"follow","max-snippet":"max-snippet:-1","max-image-preview":"max-image-preview:large","max-video-preview":"max-video-preview:-1"},"canonical":"https:\/\/www.franchise.biz\/fr\/a-propos\/aalrik-van-straten\/","og_locale":"fr_FR","og_type":"article","og_title":"FranchiseBiz - Team - Aalrik van Straten","og_description":"Dipl\u00f4m\u00e9e d\u2019un MBA multilingue, Aalrik est une experte du commerce de d\u00e9tail ax\u00e9e sur le march\u00e9 italien de la franchise. N\u00e9e \u00e0 Paris, \u00e9lev\u00e9e \u00e0 Bruxelles et vivant maintenant pr\u00e8s de V\u00e9rone, Aalrik a une solide exp\u00e9rience internationale, ce que nous appr\u00e9cions beaucoup en tant que marque avec une empreinte \ud83c\udf0f mondiale","og_url":"https:\/\/www.franchise.biz\/fr\/a-propos\/aalrik-van-straten\/","og_site_name":"FranchiseBiz","article_modified_time":"2026-01-26T14:18:17+00:00","og_image":[{"width":800,"height":800,"url":"https:\/\/www.franchise.biz\/wp-content\/uploads\/2026\/01\/AVS.png","type":"image\/png"}],"twitter_card":"summary_large_image","twitter_site":"@FBizOfficial","twitter_misc":{"Dur\u00e9e de lecture estim\u00e9e":"1 minute"},"schema":{"@context":"https:\/\/schema.org","@graph":[{"@type":"WebPage","@id":"https:\/\/www.franchise.biz\/fr\/a-propos\/aalrik-van-straten\/","url":"https:\/\/www.franchise.biz\/fr\/a-propos\/aalrik-van-straten\/","name":"FranchiseBiz - Team - Aalrik van Straten","isPartOf":{"@id":"https:\/\/www.franchise.biz\/fr\/#website"},"primaryImageOfPage":{"@id":"https:\/\/www.franchise.biz\/fr\/a-propos\/aalrik-van-straten\/#primaryimage"},"image":{"@id":"https:\/\/www.franchise.biz\/fr\/a-propos\/aalrik-van-straten\/#primaryimage"},"thumbnailUrl":"https:\/\/www.franchise.biz\/wp-content\/uploads\/2026\/01\/AVS.png","datePublished":"2022-11-23T21:36:45+00:00","dateModified":"2026-01-26T14:18:17+00:00","description":"Dipl\u00f4m\u00e9e d\u2019un MBA multilingue, Aalrik est une experte du commerce de d\u00e9tail ax\u00e9e sur le march\u00e9 italien de la franchise. N\u00e9e \u00e0 Paris, \u00e9lev\u00e9e \u00e0 Bruxelles et vivant maintenant pr\u00e8s de V\u00e9rone, Aalrik a une solide exp\u00e9rience internationale, ce que nous appr\u00e9cions beaucoup en tant que marque avec une empreinte \ud83c\udf0f mondiale","breadcrumb":{"@id":"https:\/\/www.franchise.biz\/fr\/a-propos\/aalrik-van-straten\/#breadcrumb"},"inLanguage":"fr-FR","potentialAction":[{"@type":"ReadAction","target":["https:\/\/www.franchise.biz\/fr\/a-propos\/aalrik-van-straten\/"]}]},{"@type":"ImageObject","inLanguage":"fr-FR","@id":"https:\/\/www.franchise.biz\/fr\/a-propos\/aalrik-van-straten\/#primaryimage","url":"https:\/\/www.franchise.biz\/wp-content\/uploads\/2026\/01\/AVS.png","contentUrl":"https:\/\/www.franchise.biz\/wp-content\/uploads\/2026\/01\/AVS.png","width":800,"height":800,"caption":"Aalrik van Straten"},{"@type":"BreadcrumbList","@id":"https:\/\/www.franchise.biz\/fr\/a-propos\/aalrik-van-straten\/#breadcrumb","itemListElement":[{"@type":"ListItem","position":1,"name":"Accueil","item":"https:\/\/www.franchise.biz\/fr\/"},{"@type":"ListItem","position":2,"name":"\u00c0 propos","item":"https:\/\/www.franchise.biz\/fr\/a-propos\/"},{"@type":"ListItem","position":3,"name":"Team Profile Aalrik van Straten"}]},{"@type":"WebSite","@id":"https:\/\/www.franchise.biz\/fr\/#website","url":"https:\/\/www.franchise.biz\/fr\/","name":"FranchiseBiz","description":"Empowering Franchise Growth Globally","publisher":{"@id":"https:\/\/www.franchise.biz\/fr\/#organization"},"potentialAction":[{"@type":"SearchAction","target":{"@type":"EntryPoint","urlTemplate":"https:\/\/www.franchise.biz\/fr\/?s={search_term_string}"},"query-input":{"@type":"PropertyValueSpecification","valueRequired":true,"valueName":"search_term_string"}}],"inLanguage":"fr-FR"},{"@type":"Organization","@id":"https:\/\/www.franchise.biz\/fr\/#organization","name":"FranchiseBiz","url":"https:\/\/www.franchise.biz\/fr\/","logo":{"@type":"ImageObject","inLanguage":"fr-FR","@id":"https:\/\/www.franchise.biz\/fr\/#\/schema\/logo\/image\/","url":"https:\/\/www.franchise.biz\/wp-content\/uploads\/2021\/05\/logo.png","contentUrl":"https:\/\/www.franchise.biz\/wp-content\/uploads\/2021\/05\/logo.png","width":1000,"height":1000,"caption":"FranchiseBiz"},"image":{"@id":"https:\/\/www.franchise.biz\/fr\/#\/schema\/logo\/image\/"},"sameAs":["https:\/\/x.com\/FBizOfficial","https:\/\/www.linkedin.com\/company\/franchisebiz\/"]}]}},"_links":{"self":[{"href":"https:\/\/www.franchise.biz\/fr\/wp-json\/wp\/v2\/pages\/6844"}],"collection":[{"href":"https:\/\/www.franchise.biz\/fr\/wp-json\/wp\/v2\/pages"}],"about":[{"href":"https:\/\/www.franchise.biz\/fr\/wp-json\/wp\/v2\/types\/page"}],"author":[{"embeddable":true,"href":"https:\/\/www.franchise.biz\/fr\/wp-json\/wp\/v2\/users\/2"}],"replies":[{"embeddable":true,"href":"https:\/\/www.franchise.biz\/fr\/wp-json\/wp\/v2\/comments?post=6844"}],"version-history":[{"count":10,"href":"https:\/\/www.franchise.biz\/fr\/wp-json\/wp\/v2\/pages\/6844\/revisions"}],"predecessor-version":[{"id":10733,"href":"https:\/\/www.franchise.biz\/fr\/wp-json\/wp\/v2\/pages\/6844\/revisions\/10733"}],"up":[{"embeddable":true,"href":"https:\/\/www.franchise.biz\/fr\/wp-json\/wp\/v2\/pages\/3265"}],"wp:featuredmedia":[{"embeddable":true,"href":"https:\/\/www.franchise.biz\/fr\/wp-json\/wp\/v2\/media\/10728"}],"wp:attachment":[{"href":"https:\/\/www.franchise.biz\/fr\/wp-json\/wp\/v2\/media?parent=6844"}],"curies":[{"name":"wp","href":"https:\/\/api.w.org\/{rel}","templated":true}]}}